{"id":1177,"date":"2024-03-17T23:36:53","date_gmt":"2024-03-17T23:36:53","guid":{"rendered":"https:\/\/juventudeemtransicao.pt\/?page_id=1177"},"modified":"2026-08-17T17:46:16","modified_gmt":"2026-08-17T17:46:16","slug":"capas","status":"publish","type":"page","link":"https:\/\/juventudeemtransicao.pt\/index.php\/capas\/","title":{"rendered":"Opini\u00e3o"},"content":{"rendered":"\t\t<div data-elementor-type=\"wp-page\" data-elementor-id=\"1177\" class=\"elementor elementor-1177\" data-elementor-post-type=\"page\">\n\t\t\t\t\t\t<section class=\"elementor-section elementor-top-section elementor-element elementor-element-63af9ac elementor-section-boxed elementor-section-height-default elementor-section-height-default\" data-id=\"63af9ac\" data-element_type=\"section\" data-e-type=\"section\">\n\t\t\t\t\t\t<div class=\"elementor-container elementor-column-gap-default\">\n\t\t\t\t\t<div class=\"elementor-column elementor-col-100 elementor-top-column elementor-element elementor-element-986f6a3\" data-id=\"986f6a3\" data-element_type=\"column\" data-e-type=\"column\">\n\t\t\t<div class=\"elementor-widget-wrap elementor-element-populated\">\n\t\t\t\t\t\t<div class=\"elementor-element elementor-element-9ce3a2b elementor-grid-3 elementor-grid-tablet-2 elementor-grid-mobile-1 elementor-posts--thumbnail-top elementor-card-shadow-yes elementor-posts__hover-gradient elementor-widget elementor-widget-posts\" data-id=\"9ce3a2b\" data-element_type=\"widget\" data-e-type=\"widget\" data-settings=\"{&quot;pagination_type&quot;:&quot;load_more_infinite_scroll&quot;,&quot;cards_columns&quot;:&quot;3&quot;,&quot;cards_columns_tablet&quot;:&quot;2&quot;,&quot;cards_columns_mobile&quot;:&quot;1&quot;,&quot;cards_row_gap&quot;:{&quot;unit&quot;:&quot;px&quot;,&quot;size&quot;:35,&quot;sizes&quot;:[]},&quot;cards_row_gap_tablet&quot;:{&quot;unit&quot;:&quot;px&quot;,&quot;size&quot;:&quot;&quot;,&quot;sizes&quot;:[]},&quot;cards_row_gap_mobile&quot;:{&quot;unit&quot;:&quot;px&quot;,&quot;size&quot;:&quot;&quot;,&quot;sizes&quot;:[]},&quot;load_more_spinner&quot;:{&quot;value&quot;:&quot;fas fa-spinner&quot;,&quot;library&quot;:&quot;fa-solid&quot;}}\" data-widget_type=\"posts.cards\">\n\t\t\t\t<div class=\"elementor-widget-container\">\n\t\t\t\t\t\t\t<div class=\"elementor-posts-container elementor-posts elementor-posts--skin-cards elementor-grid\" role=\"list\">\n\t\t\t\t<article class=\"elementor-post elementor-grid-item post-3900 post type-post status-publish format-standard has-post-thumbnail hentry category-capa category-destaques category-nacional tag-ideologia-de-genero tag-medicina-de-genero tag-transicao-de-genero\" role=\"listitem\">\n\t\t\t<div class=\"elementor-post__card\">\n\t\t\t\t<a class=\"elementor-post__thumbnail__link\" href=\"https:\/\/juventudeemtransicao.pt\/index.php\/2026\/08\/28\/a-carta-da-onu-a-portugal-conta-apenas-um-lado-da-historia\/\" tabindex=\"-1\" ><div class=\"elementor-post__thumbnail\"><img fetchpriority=\"high\" decoding=\"async\" width=\"300\" height=\"240\" src=\"https:\/\/juventudeemtransicao.pt\/wp-content\/uploads\/2026\/08\/ONU-em-Portugal-300x240.jpg\" class=\"attachment-medium size-medium wp-image-3902\" alt=\"\" srcset=\"https:\/\/juventudeemtransicao.pt\/wp-content\/uploads\/2026\/08\/ONU-em-Portugal-300x240.jpg 300w, https:\/\/juventudeemtransicao.pt\/wp-content\/uploads\/2026\/08\/ONU-em-Portugal-1024x821.jpg 1024w, https:\/\/juventudeemtransicao.pt\/wp-content\/uploads\/2026\/08\/ONU-em-Portugal-768x616.jpg 768w, https:\/\/juventudeemtransicao.pt\/wp-content\/uploads\/2026\/08\/ONU-em-Portugal.jpg 1254w\" sizes=\"(max-width: 300px) 100vw, 300px\" \/><\/div><\/a>\n\t\t\t\t<div class=\"elementor-post__text\">\n\t\t\t\t<h3 class=\"elementor-post__title\">\n\t\t\t<a href=\"https:\/\/juventudeemtransicao.pt\/index.php\/2026\/08\/28\/a-carta-da-onu-a-portugal-conta-apenas-um-lado-da-historia\/\" >\n\t\t\t\tA Carta da ONU a Portugal Conta Apenas um Lado da Hist\u00f3ria\t\t\t<\/a>\n\t\t<\/h3>\n\t\t\t\t<div class=\"elementor-post__excerpt\">\n\t\t\t<p>Volker T\u00fcrk apresenta uma interpreta\u00e7\u00e3o da pol\u00edtica de g\u00e9nero como um imperativo de direitos humanos. Reem Alsalem, outra titular de mandato da ONU, e a Genspect mostram por que raz\u00e3o essa interpreta\u00e7\u00e3o est\u00e1 longe de estar assente.<\/p>\n\t\t<\/div>\n\t\t\n\t\t<a class=\"elementor-post__read-more\" href=\"https:\/\/juventudeemtransicao.pt\/index.php\/2026\/08\/28\/a-carta-da-onu-a-portugal-conta-apenas-um-lado-da-historia\/\" aria-label=\"Read more about A Carta da ONU a Portugal Conta Apenas um Lado da Hist\u00f3ria\" tabindex=\"-1\" >\n\t\t\tRead More \u00bb\t\t<\/a>\n\n\t\t\t\t<\/div>\n\t\t\t\t<div class=\"elementor-post__meta-data\">\n\t\t\t\t\t<span class=\"elementor-post-date\">\n\t\t\tAugust 28, 2026\t\t<\/span>\n\t\t\t\t<span class=\"elementor-post-avatar\">\n\t\t\tNo Comments\t\t<\/span>\n\t\t\t\t<\/div>\n\t\t\t\t\t<\/div>\n\t\t<\/article>\n\t\t\t\t<article class=\"elementor-post elementor-grid-item post-3856 post type-post status-publish format-standard has-post-thumbnail hentry category-capa category-nacional tag-ideologia-de-genero tag-medicina-de-genero tag-transicao-de-genero\" role=\"listitem\">\n\t\t\t<div class=\"elementor-post__card\">\n\t\t\t\t<a class=\"elementor-post__thumbnail__link\" href=\"https:\/\/juventudeemtransicao.pt\/index.php\/2026\/08\/12\/verdades-fundamentais-o-que-o-debate-sobre-a-medicina-de-genero-significa-para-portugal\/\" tabindex=\"-1\" ><div class=\"elementor-post__thumbnail\"><img decoding=\"async\" width=\"300\" height=\"164\" src=\"https:\/\/juventudeemtransicao.pt\/wp-content\/uploads\/2026\/08\/Ilustracao-2-caminhos-300x164.png\" class=\"attachment-medium size-medium wp-image-3858\" alt=\"\" srcset=\"https:\/\/juventudeemtransicao.pt\/wp-content\/uploads\/2026\/08\/Ilustracao-2-caminhos-300x164.png 300w, https:\/\/juventudeemtransicao.pt\/wp-content\/uploads\/2026\/08\/Ilustracao-2-caminhos-1024x559.png 1024w, https:\/\/juventudeemtransicao.pt\/wp-content\/uploads\/2026\/08\/Ilustracao-2-caminhos-768x419.png 768w, https:\/\/juventudeemtransicao.pt\/wp-content\/uploads\/2026\/08\/Ilustracao-2-caminhos.png 1408w\" sizes=\"(max-width: 300px) 100vw, 300px\" \/><\/div><\/a>\n\t\t\t\t<div class=\"elementor-post__text\">\n\t\t\t\t<h3 class=\"elementor-post__title\">\n\t\t\t<a href=\"https:\/\/juventudeemtransicao.pt\/index.php\/2026\/08\/12\/verdades-fundamentais-o-que-o-debate-sobre-a-medicina-de-genero-significa-para-portugal\/\" >\n\t\t\t\tVerdades Fundamentais: O Que o Debate Sobre a Medicina de G\u00e9nero Significa para Portugal\t\t\t<\/a>\n\t\t<\/h3>\n\t\t\t\t<div class=\"elementor-post__excerpt\">\n\t\t\t<p>Por um olhar atento \u00e0 sa\u00fade infantil, aos jovens vulner\u00e1veis e ao debate internacional<\/p>\n\t\t<\/div>\n\t\t\n\t\t<a class=\"elementor-post__read-more\" href=\"https:\/\/juventudeemtransicao.pt\/index.php\/2026\/08\/12\/verdades-fundamentais-o-que-o-debate-sobre-a-medicina-de-genero-significa-para-portugal\/\" aria-label=\"Read more about Verdades Fundamentais: O Que o Debate Sobre a Medicina de G\u00e9nero Significa para Portugal\" tabindex=\"-1\" >\n\t\t\tRead More \u00bb\t\t<\/a>\n\n\t\t\t\t<\/div>\n\t\t\t\t<div class=\"elementor-post__meta-data\">\n\t\t\t\t\t<span class=\"elementor-post-date\">\n\t\t\tAugust 12, 2026\t\t<\/span>\n\t\t\t\t<span class=\"elementor-post-avatar\">\n\t\t\tNo Comments\t\t<\/span>\n\t\t\t\t<\/div>\n\t\t\t\t\t<\/div>\n\t\t<\/article>\n\t\t\t\t<article class=\"elementor-post elementor-grid-item post-3806 post type-post status-publish format-standard has-post-thumbnail hentry category-capa category-nacional tag-ideologia-de-genero tag-medicina-de-genero tag-transicao-de-genero\" role=\"listitem\">\n\t\t\t<div class=\"elementor-post__card\">\n\t\t\t\t<a class=\"elementor-post__thumbnail__link\" href=\"https:\/\/juventudeemtransicao.pt\/index.php\/2026\/07\/21\/o-preco-de-desafiar-a-ideologia-de-genero-em-portugal\/\" tabindex=\"-1\" ><div class=\"elementor-post__thumbnail\"><img decoding=\"async\" width=\"300\" height=\"200\" src=\"https:\/\/juventudeemtransicao.pt\/wp-content\/uploads\/2026\/07\/SedePortugal-300x200.jpg\" class=\"attachment-medium size-medium wp-image-3807\" alt=\"\" srcset=\"https:\/\/juventudeemtransicao.pt\/wp-content\/uploads\/2026\/07\/SedePortugal-300x200.jpg 300w, https:\/\/juventudeemtransicao.pt\/wp-content\/uploads\/2026\/07\/SedePortugal-1024x683.jpg 1024w, https:\/\/juventudeemtransicao.pt\/wp-content\/uploads\/2026\/07\/SedePortugal-768x512.jpg 768w, https:\/\/juventudeemtransicao.pt\/wp-content\/uploads\/2026\/07\/SedePortugal-1536x1024.jpg 1536w, https:\/\/juventudeemtransicao.pt\/wp-content\/uploads\/2026\/07\/SedePortugal-2048x1365.jpg 2048w\" sizes=\"(max-width: 300px) 100vw, 300px\" \/><\/div><\/a>\n\t\t\t\t<div class=\"elementor-post__text\">\n\t\t\t\t<h3 class=\"elementor-post__title\">\n\t\t\t<a href=\"https:\/\/juventudeemtransicao.pt\/index.php\/2026\/07\/21\/o-preco-de-desafiar-a-ideologia-de-genero-em-portugal\/\" >\n\t\t\t\tO pre\u00e7o de desafiar a ideologia de g\u00eanero em Portugal\t\t\t<\/a>\n\t\t<\/h3>\n\t\t\t\t<div class=\"elementor-post__excerpt\">\n\t\t\t<p>&#8220;O que come\u00e7a como uma mudan\u00e7a no papel pode terminar em marcas imposs\u00edveis de apagar. Estamos chamando de progresso o que, no futuro, poderemos chamar de trag\u00e9dia. \u00c9 hora de devolver aos m\u00e9dicos a liberdade de diagnosticar e \u00e0 sociedade a coragem de questionar: estamos protegendo vidas ou sacrificando corpos em nome de ideologias? Leia e reflita sobre a ilus\u00e3o perigosa do cuidado sem prud\u00eancia.&#8221;<\/p>\n\t\t<\/div>\n\t\t\n\t\t<a class=\"elementor-post__read-more\" href=\"https:\/\/juventudeemtransicao.pt\/index.php\/2026\/07\/21\/o-preco-de-desafiar-a-ideologia-de-genero-em-portugal\/\" aria-label=\"Read more about O pre\u00e7o de desafiar a ideologia de g\u00eanero em Portugal\" tabindex=\"-1\" >\n\t\t\tRead More \u00bb\t\t<\/a>\n\n\t\t\t\t<\/div>\n\t\t\t\t<div class=\"elementor-post__meta-data\">\n\t\t\t\t\t<span class=\"elementor-post-date\">\n\t\t\tJuly 21, 2026\t\t<\/span>\n\t\t\t\t<span class=\"elementor-post-avatar\">\n\t\t\tNo Comments\t\t<\/span>\n\t\t\t\t<\/div>\n\t\t\t\t\t<\/div>\n\t\t<\/article>\n\t\t\t\t<article class=\"elementor-post elementor-grid-item post-3791 post type-post status-publish format-standard has-post-thumbnail hentry category-capa tag-ideologia-de-genero tag-medicina-de-genero tag-transicao-de-genero\" role=\"listitem\">\n\t\t\t<div class=\"elementor-post__card\">\n\t\t\t\t<a class=\"elementor-post__thumbnail__link\" href=\"https:\/\/juventudeemtransicao.pt\/index.php\/2026\/04\/09\/a-ilusao-perigosa-de-chamar-de-cuidado-aquilo-que-pode-ferir-para-sempre\/\" tabindex=\"-1\" ><div class=\"elementor-post__thumbnail\"><img loading=\"lazy\" decoding=\"async\" width=\"300\" height=\"163\" src=\"https:\/\/juventudeemtransicao.pt\/wp-content\/uploads\/2026\/04\/cirurgias-criminosas-300x163.jpg\" class=\"attachment-medium size-medium wp-image-3809\" alt=\"\" srcset=\"https:\/\/juventudeemtransicao.pt\/wp-content\/uploads\/2026\/04\/cirurgias-criminosas-300x163.jpg 300w, https:\/\/juventudeemtransicao.pt\/wp-content\/uploads\/2026\/04\/cirurgias-criminosas-1024x558.jpg 1024w, https:\/\/juventudeemtransicao.pt\/wp-content\/uploads\/2026\/04\/cirurgias-criminosas-768x419.jpg 768w, https:\/\/juventudeemtransicao.pt\/wp-content\/uploads\/2026\/04\/cirurgias-criminosas.jpg 1380w\" sizes=\"(max-width: 300px) 100vw, 300px\" \/><\/div><\/a>\n\t\t\t\t<div class=\"elementor-post__text\">\n\t\t\t\t<h3 class=\"elementor-post__title\">\n\t\t\t<a href=\"https:\/\/juventudeemtransicao.pt\/index.php\/2026\/04\/09\/a-ilusao-perigosa-de-chamar-de-cuidado-aquilo-que-pode-ferir-para-sempre\/\" >\n\t\t\t\tA ilus\u00e3o perigosa de chamar de \u201ccuidado\u201d aquilo que pode ferir para sempre\t\t\t<\/a>\n\t\t<\/h3>\n\t\t\t\t<div class=\"elementor-post__excerpt\">\n\t\t\t<p>&#8220;O que come\u00e7a como uma mudan\u00e7a no papel pode terminar em marcas imposs\u00edveis de apagar. Estamos chamando de progresso o que, no futuro, poderemos chamar de trag\u00e9dia. \u00c9 hora de devolver aos m\u00e9dicos a liberdade de diagnosticar e \u00e0 sociedade a coragem de questionar: estamos protegendo vidas ou sacrificando corpos em nome de ideologias? Leia e reflita sobre a ilus\u00e3o perigosa do cuidado sem prud\u00eancia.&#8221;<\/p>\n\t\t<\/div>\n\t\t\n\t\t<a class=\"elementor-post__read-more\" href=\"https:\/\/juventudeemtransicao.pt\/index.php\/2026\/04\/09\/a-ilusao-perigosa-de-chamar-de-cuidado-aquilo-que-pode-ferir-para-sempre\/\" aria-label=\"Read more about A ilus\u00e3o perigosa de chamar de \u201ccuidado\u201d aquilo que pode ferir para sempre\" tabindex=\"-1\" >\n\t\t\tRead More \u00bb\t\t<\/a>\n\n\t\t\t\t<\/div>\n\t\t\t\t<div class=\"elementor-post__meta-data\">\n\t\t\t\t\t<span class=\"elementor-post-date\">\n\t\t\tApril 9, 2026\t\t<\/span>\n\t\t\t\t<span class=\"elementor-post-avatar\">\n\t\t\tNo Comments\t\t<\/span>\n\t\t\t\t<\/div>\n\t\t\t\t\t<\/div>\n\t\t<\/article>\n\t\t\t\t<article class=\"elementor-post elementor-grid-item post-3722 post type-post status-publish format-standard has-post-thumbnail hentry category-capa\" role=\"listitem\">\n\t\t\t<div class=\"elementor-post__card\">\n\t\t\t\t<a class=\"elementor-post__thumbnail__link\" href=\"https:\/\/juventudeemtransicao.pt\/index.php\/2026\/02\/04\/ascensao-do-taliba-trans-medico\/\" tabindex=\"-1\" ><div class=\"elementor-post__thumbnail\"><img loading=\"lazy\" decoding=\"async\" width=\"300\" height=\"225\" src=\"https:\/\/juventudeemtransicao.pt\/wp-content\/uploads\/2026\/02\/medico-taliba-300x225.png\" class=\"attachment-medium size-medium wp-image-3727\" alt=\"\" srcset=\"https:\/\/juventudeemtransicao.pt\/wp-content\/uploads\/2026\/02\/medico-taliba-300x225.png 300w, https:\/\/juventudeemtransicao.pt\/wp-content\/uploads\/2026\/02\/medico-taliba-1024x768.png 1024w, https:\/\/juventudeemtransicao.pt\/wp-content\/uploads\/2026\/02\/medico-taliba-768x576.png 768w, https:\/\/juventudeemtransicao.pt\/wp-content\/uploads\/2026\/02\/medico-taliba.png 1200w\" sizes=\"(max-width: 300px) 100vw, 300px\" \/><\/div><\/a>\n\t\t\t\t<div class=\"elementor-post__text\">\n\t\t\t\t<h3 class=\"elementor-post__title\">\n\t\t\t<a href=\"https:\/\/juventudeemtransicao.pt\/index.php\/2026\/02\/04\/ascensao-do-taliba-trans-medico\/\" >\n\t\t\t\tAscens\u00e3o do Talib\u00e3 Trans M\u00e9dico\t\t\t<\/a>\n\t\t<\/h3>\n\t\t\t\t<div class=\"elementor-post__excerpt\">\n\t\t\t<p>A ci\u00eancia j\u00e1 existe, mas voc\u00ea n\u00e3o vai ler sobre ela. FONTE: PITT . Publica\u00e7\u00e3o de 9 de setembro de 2021.\u00a0 Quando meu filho me<\/p>\n\t\t<\/div>\n\t\t\n\t\t<a class=\"elementor-post__read-more\" href=\"https:\/\/juventudeemtransicao.pt\/index.php\/2026\/02\/04\/ascensao-do-taliba-trans-medico\/\" aria-label=\"Read more about Ascens\u00e3o do Talib\u00e3 Trans M\u00e9dico\" tabindex=\"-1\" >\n\t\t\tRead More \u00bb\t\t<\/a>\n\n\t\t\t\t<\/div>\n\t\t\t\t<div class=\"elementor-post__meta-data\">\n\t\t\t\t\t<span class=\"elementor-post-date\">\n\t\t\tFebruary 4, 2026\t\t<\/span>\n\t\t\t\t<span class=\"elementor-post-avatar\">\n\t\t\tNo Comments\t\t<\/span>\n\t\t\t\t<\/div>\n\t\t\t\t\t<\/div>\n\t\t<\/article>\n\t\t\t\t<article class=\"elementor-post elementor-grid-item post-3650 post type-post status-publish format-standard has-post-thumbnail hentry category-capa\" role=\"listitem\">\n\t\t\t<div class=\"elementor-post__card\">\n\t\t\t\t<a class=\"elementor-post__thumbnail__link\" href=\"https:\/\/juventudeemtransicao.pt\/index.php\/2025\/09\/01\/o-veredito-de-um-cirurgiao-plastico-cirurgia-de-genero-e-mutilacao-nao-medicina\/\" tabindex=\"-1\" ><div class=\"elementor-post__thumbnail\"><img loading=\"lazy\" decoding=\"async\" width=\"300\" height=\"210\" src=\"https:\/\/juventudeemtransicao.pt\/wp-content\/uploads\/2025\/09\/dr-patrick-lappert-1-300x210.png\" class=\"attachment-medium size-medium wp-image-3658\" alt=\"\" srcset=\"https:\/\/juventudeemtransicao.pt\/wp-content\/uploads\/2025\/09\/dr-patrick-lappert-1-300x210.png 300w, https:\/\/juventudeemtransicao.pt\/wp-content\/uploads\/2025\/09\/dr-patrick-lappert-1-1024x718.png 1024w, https:\/\/juventudeemtransicao.pt\/wp-content\/uploads\/2025\/09\/dr-patrick-lappert-1-768x539.png 768w, https:\/\/juventudeemtransicao.pt\/wp-content\/uploads\/2025\/09\/dr-patrick-lappert-1.png 1514w\" sizes=\"(max-width: 300px) 100vw, 300px\" \/><\/div><\/a>\n\t\t\t\t<div class=\"elementor-post__text\">\n\t\t\t\t<h3 class=\"elementor-post__title\">\n\t\t\t<a href=\"https:\/\/juventudeemtransicao.pt\/index.php\/2025\/09\/01\/o-veredito-de-um-cirurgiao-plastico-cirurgia-de-genero-e-mutilacao-nao-medicina\/\" >\n\t\t\t\tO veredito de um cirurgi\u00e3o pl\u00e1stico: &#8220;Cirurgia de g\u00eanero \u00e9 mutila\u00e7\u00e3o, n\u00e3o medicina&#8221;\t\t\t<\/a>\n\t\t<\/h3>\n\t\t\t\t<div class=\"elementor-post__excerpt\">\n\t\t\t<p>Fonte: Beyond Gender Epis\u00f3dio #30 &#8211; Dr. Patrick Lappert Quando um cirurgi\u00e3o pl\u00e1stico e reconstrutivo formado pela Marinha rompe as fileiras para expor a &#8220;fonte<\/p>\n\t\t<\/div>\n\t\t\n\t\t<a class=\"elementor-post__read-more\" href=\"https:\/\/juventudeemtransicao.pt\/index.php\/2025\/09\/01\/o-veredito-de-um-cirurgiao-plastico-cirurgia-de-genero-e-mutilacao-nao-medicina\/\" aria-label=\"Read more about O veredito de um cirurgi\u00e3o pl\u00e1stico: &#8220;Cirurgia de g\u00eanero \u00e9 mutila\u00e7\u00e3o, n\u00e3o medicina&#8221;\" tabindex=\"-1\" >\n\t\t\tRead More \u00bb\t\t<\/a>\n\n\t\t\t\t<\/div>\n\t\t\t\t<div class=\"elementor-post__meta-data\">\n\t\t\t\t\t<span class=\"elementor-post-date\">\n\t\t\tSeptember 1, 2025\t\t<\/span>\n\t\t\t\t<span class=\"elementor-post-avatar\">\n\t\t\tNo Comments\t\t<\/span>\n\t\t\t\t<\/div>\n\t\t\t\t\t<\/div>\n\t\t<\/article>\n\t\t\t\t<\/div>\n\t\t\t\t\t<span class=\"e-load-more-spinner\">\n\t\t\t\t<i aria-hidden=\"true\" class=\"fas fa-spinner\"><\/i>\t\t\t<\/span>\n\t\t\n\t\t\t\t<div class=\"e-load-more-anchor\" data-page=\"1\" data-max-page=\"4\" data-next-page=\"https:\/\/juventudeemtransicao.pt\/index.php\/wp-json\/wp\/v2\/pages\/1177\/page\/2\/\"><\/div>\n\t\t\t\t<div class=\"e-load-more-message\"><\/div>\n\t\t\t\t\t\t<\/div>\n\t\t\t\t<\/div>\n\t\t\t\t\t<\/div>\n\t\t<\/div>\n\t\t\t\t\t<\/div>\n\t\t<\/section>\n\t\t\t\t<\/div>\n\t\t","protected":false},"excerpt":{"rendered":"","protected":false},"author":1,"featured_media":3101,"parent":0,"menu_order":0,"comment_status":"closed","ping_status":"closed","template":"","meta":{"_monsterinsights_skip_tracking":false,"_monsterinsights_sitenote_active":false,"_monsterinsights_sitenote_note":"","_monsterinsights_sitenote_category":0,"_uf_show_specific_survey":0,"_uf_disable_surveys":false,"footnotes":""},"class_list":["post-1177","page","type-page","status-publish","has-post-thumbnail","hentry"],"aioseo_notices":[],"_links":{"self":[{"href":"https:\/\/juventudeemtransicao.pt\/index.php\/wp-json\/wp\/v2\/pages\/1177","targetHints":{"allow":["GET"]}}],"collection":[{"href":"https:\/\/juventudeemtransicao.pt\/index.php\/wp-json\/wp\/v2\/pages"}],"about":[{"href":"https:\/\/juventudeemtransicao.pt\/index.php\/wp-json\/wp\/v2\/types\/page"}],"author":[{"embeddable":true,"href":"https:\/\/juventudeemtransicao.pt\/index.php\/wp-json\/wp\/v2\/users\/1"}],"replies":[{"embeddable":true,"href":"https:\/\/juventudeemtransicao.pt\/index.php\/wp-json\/wp\/v2\/comments?post=1177"}],"version-history":[{"count":101,"href":"https:\/\/juventudeemtransicao.pt\/index.php\/wp-json\/wp\/v2\/pages\/1177\/revisions"}],"predecessor-version":[{"id":3889,"href":"https:\/\/juventudeemtransicao.pt\/index.php\/wp-json\/wp\/v2\/pages\/1177\/revisions\/3889"}],"wp:featuredmedia":[{"embeddable":true,"href":"https:\/\/juventudeemtransicao.pt\/index.php\/wp-json\/wp\/v2\/media\/3101"}],"wp:attachment":[{"href":"https:\/\/juventudeemtransicao.pt\/index.php\/wp-json\/wp\/v2\/media?parent=1177"}],"curies":[{"name":"wp","href":"https:\/\/api.w.org\/{rel}","templated":true}]}}